{"id":3548,"date":"2017-08-09T16:05:29","date_gmt":"2017-08-09T16:05:29","guid":{"rendered":"http:\/\/gtvw.net\/es\/documentary-film\/"},"modified":"2018-03-22T11:15:27","modified_gmt":"2018-03-22T11:15:27","slug":"documental","status":"publish","type":"page","link":"https:\/\/gtvw.net\/es\/documental\/","title":{"rendered":"Documental"},"content":{"rendered":"<div class=\"wpb-content-wrapper\"><p>[vc_row][vc_column][vc_column_text]<\/p>\n<h1 style=\"text-align: justify;\"><span style=\"color: #333399;\">RASTROS INDELEBLES (Documental)<\/span><\/h1>\n<p style=\"text-align: justify;\"><span style=\"color: #000000;\">\u201cRastros indelebles\u00bb es un proyecto audiovisual en formato documental enmarcado en el mundo de la guitarra cl\u00e1sica. Este documental propone contar la historia de la fruct\u00edfera relaci\u00f3n art\u00edstica entre dos figuras que dejaron una huella imborrable en el mundo de dicho instrumento: el compositor venezolano Antonio Lauro y el guitarrista\u00a0<\/span><span style=\"color: #000000;\">tambi\u00e9n venezolano Alirio D\u00edaz.<\/span><\/p>\n<p style=\"text-align: justify;\"><span style=\"color: #000000;\">El documental \u00abRastros Indelebles\u00bb se enfoca en el inmenso legado que los Maestros Antonio Lauro y Alirio D\u00edaz hicieron al repertorio de la guitarra cl\u00e1sica mediante la difusi\u00f3n de la m\u00fasica folkl\u00f3rica y tradicional venezolana, se evidenciar\u00e1 adem\u00e1s el impacto de estos dos artistas en la escena guitarr\u00edstica internacional actual, se abordar\u00e1n las biograf\u00edas de los personajes, mostrando su lado humano al mismo tiempo que se describir\u00e1 la bella e inspiradora historia de c\u00f3mo Alirio D\u00edaz, de origen campesino, humilde y de muy escasos recursos logra consolidarse como una figura legendaria en la historia de la guitarra cl\u00e1sica mundial.<\/span><\/p>\n<p>[\/vc_column_text][\/vc_column][\/vc_row][vc_row][vc_column]\r\n\t\t\t<div class=\"smart-box  smart-box-style-3 is-carousel\" id=\"386668822\"><div class=\"smart-box-head\" ><h2 class=\"light-title title\">Videoclips producidos para el Documental<\/h2><div class=\"smart-control pull-right\">\r\n\t\t\t\t\t<a class=\"prev maincolor2 bordercolor2 bgcolor2hover\" href=\"#\" style=\"display: inline-block;\"><i class=\"fa fa-angle-left\"><\/i><\/a>\r\n\t\t\t\t\t<a class=\"next maincolor2 bordercolor2 bgcolor2hover\" href=\"#\" style=\"display: inline-block;\"><i class=\"fa fa-angle-right\"><\/i><\/a><\/div>\r\n\t\t\t<\/div><div class=\"smart-box-content\"><div class=\"smart-item it-row\">\r\n\t\t\t\t\t<div class=\"row\"><div class=\"col-md-6 col-sm-6 \">\t\n\t\t\t<div class=\"video-item format-video\">\n\t\t\t\t\t<div class=\"qv_tooltip\"  title=\"\n\t\t\t\t\t\t<h4 class='gv-title'>Antonio Lauro: Concierto para guitarra y orquesta Nr. 1 (I. Bolera)<\/h4>\n\t\t\t\t\t\t<div class='gv-ex' ><\/div>\n\t\t\t\t\t\t<div class= 'gv-button'><div class='quick-view'><a href=https:\/\/gtvw.net\/es\/antonio-lauro-concerto-for-guitar-orchestra-nr-1-i-bolera\/ title='Antonio Lauro: Concierto para guitarra y orquesta Nr. 1 (I. Bolera)'>Watch Now<\/a><\/div>\n\t\t\t\t\t\t\t<div class= 'gv-link'><div><a href='\/\/www.youtube.com\/embed\/U3ypqe69c-M?rel=0&#038;wmode=transparent' data-post-id='3532'data-video-id='U3ypqe69c-M' data-video-type='youtube' class='quickview'  title='Antonio Lauro: Concierto para guitarra y orquesta Nr. 1 (I. Bolera)' data-embed='' data-url='https:\/\/gtvw.net\/es\/antonio-lauro-concerto-for-guitar-orchestra-nr-1-i-bolera\/' id='light_box'>Quick View<\/a><\/div><\/div>\n\t\t\t\t\t\t<\/div>\n\t\t\t\t\t\t<\/div>\n\t\t\t\t\t\">\n\t\t\t\t  <div class=\"item-thumbnail\"><a href=\"https:\/\/gtvw.net\/es\/antonio-lauro-concerto-for-guitar-orchestra-nr-1-i-bolera\/\" title=\"Antonio Lauro: Concierto para guitarra y orquesta Nr. 1 (I. Bolera)\"><img loading=\"lazy\" decoding=\"async\" width=\"370\" height=\"208\"  src=\"https:\/\/gtvw.net\/wp-content\/uploads\/2017\/08\/antonio-lauro-concerto-for-guita-370x208.jpg\" srcset=\"https:\/\/gtvw.net\/wp-content\/uploads\/2017\/08\/antonio-lauro-concerto-for-guita-370x208.jpg 370w, https:\/\/gtvw.net\/wp-content\/uploads\/2017\/08\/antonio-lauro-concerto-for-guita-300x169.jpg 300w, https:\/\/gtvw.net\/wp-content\/uploads\/2017\/08\/antonio-lauro-concerto-for-guita-768x432.jpg 768w, https:\/\/gtvw.net\/wp-content\/uploads\/2017\/08\/antonio-lauro-concerto-for-guita-1024x576.jpg 1024w, https:\/\/gtvw.net\/wp-content\/uploads\/2017\/08\/antonio-lauro-concerto-for-guita-520x293.jpg 520w, https:\/\/gtvw.net\/wp-content\/uploads\/2017\/08\/antonio-lauro-concerto-for-guita-260x146.jpg 260w, https:\/\/gtvw.net\/wp-content\/uploads\/2017\/08\/antonio-lauro-concerto-for-guita-356x200.jpg 356w, https:\/\/gtvw.net\/wp-content\/uploads\/2017\/08\/antonio-lauro-concerto-for-guita-180x101.jpg 180w, https:\/\/gtvw.net\/wp-content\/uploads\/2017\/08\/antonio-lauro-concerto-for-guita-130x73.jpg 130w, https:\/\/gtvw.net\/wp-content\/uploads\/2017\/08\/antonio-lauro-concerto-for-guita-748x421.jpg 748w, https:\/\/gtvw.net\/wp-content\/uploads\/2017\/08\/antonio-lauro-concerto-for-guita-624x351.jpg 624w, https:\/\/gtvw.net\/wp-content\/uploads\/2017\/08\/antonio-lauro-concerto-for-guita.jpg 1280w\" sizes=\"auto, (max-width: 370px) 100vw, 370px\" alt=\"Antonio Lauro: Concerto for guitar &#038; orchestra Nr. 1 (I. Bolera)\"\/><div class=\"link-overlay fa fa-play \"><\/div><\/a>\n\t\t\t\t  <\/div><\/div>\n\t\t\t\t  <div class=\"item-head\">\n\t\t\t\t\t  <h3><a href=\"https:\/\/gtvw.net\/es\/antonio-lauro-concerto-for-guitar-orchestra-nr-1-i-bolera\/\">Antonio Lauro: Concierto para guitarra y orquesta Nr. 1 (I. Bolera)<\/a><\/h3>\n\t\t\t\t\t  <div class=\"item-info\"><span  class=\"item-author\"><a href=\"https:\/\/gtvw.net\/es\/author\/guitar-tv-world\/\" title=\"Guitar TV World\">Guitar TV World<\/a><\/span><span class=\"item-date\">agosto 9, 2017<\/span><div class=\"item-meta no-bg\"><\/div>\n\t\t\t\t\t  <\/div>\t  \n\t\t\t\t  <\/div>\n\t\t\t\t  <div class=\"item-content\"><\/div>\n\t\t\t\t  <\/div> <\/div><div class=\"col-md-6 col-sm-6 \">\t\n\t\t\t<div class=\"video-item format-video\">\n\t\t\t\t\t<div class=\"qv_tooltip\"  title=\"\n\t\t\t\t\t\t<h4 class='gv-title'>Antonio Lauro: Crepuscular<\/h4>\n\t\t\t\t\t\t<div class='gv-ex' ><\/div>\n\t\t\t\t\t\t<div class= 'gv-button'><div class='quick-view'><a href=https:\/\/gtvw.net\/es\/antonio-lauro-crepuscular\/ title='Antonio Lauro: Crepuscular'>Watch Now<\/a><\/div>\n\t\t\t\t\t\t\t<div class= 'gv-link'><div><a href='\/\/www.youtube.com\/embed\/yuNaHbqMdhA?rel=0&#038;wmode=transparent' data-post-id='3527'data-video-id='yuNaHbqMdhA' data-video-type='youtube' class='quickview'  title='Antonio Lauro: Crepuscular' data-embed='' data-url='https:\/\/gtvw.net\/es\/antonio-lauro-crepuscular\/' id='light_box'>Quick View<\/a><\/div><\/div>\n\t\t\t\t\t\t<\/div>\n\t\t\t\t\t\t<\/div>\n\t\t\t\t\t\">\n\t\t\t\t  <div class=\"item-thumbnail\"><a href=\"https:\/\/gtvw.net\/es\/antonio-lauro-crepuscular\/\" title=\"Antonio Lauro: Crepuscular\"><img loading=\"lazy\" decoding=\"async\" width=\"370\" height=\"208\"  src=\"https:\/\/gtvw.net\/wp-content\/uploads\/2017\/08\/antonio-lauro-crepuscular-370x208.jpg\" srcset=\"https:\/\/gtvw.net\/wp-content\/uploads\/2017\/08\/antonio-lauro-crepuscular-370x208.jpg 370w, https:\/\/gtvw.net\/wp-content\/uploads\/2017\/08\/antonio-lauro-crepuscular-300x169.jpg 300w, https:\/\/gtvw.net\/wp-content\/uploads\/2017\/08\/antonio-lauro-crepuscular-768x432.jpg 768w, https:\/\/gtvw.net\/wp-content\/uploads\/2017\/08\/antonio-lauro-crepuscular-1024x576.jpg 1024w, https:\/\/gtvw.net\/wp-content\/uploads\/2017\/08\/antonio-lauro-crepuscular-520x293.jpg 520w, https:\/\/gtvw.net\/wp-content\/uploads\/2017\/08\/antonio-lauro-crepuscular-260x146.jpg 260w, https:\/\/gtvw.net\/wp-content\/uploads\/2017\/08\/antonio-lauro-crepuscular-356x200.jpg 356w, https:\/\/gtvw.net\/wp-content\/uploads\/2017\/08\/antonio-lauro-crepuscular-180x101.jpg 180w, https:\/\/gtvw.net\/wp-content\/uploads\/2017\/08\/antonio-lauro-crepuscular-130x73.jpg 130w, https:\/\/gtvw.net\/wp-content\/uploads\/2017\/08\/antonio-lauro-crepuscular-748x421.jpg 748w, https:\/\/gtvw.net\/wp-content\/uploads\/2017\/08\/antonio-lauro-crepuscular-624x351.jpg 624w, https:\/\/gtvw.net\/wp-content\/uploads\/2017\/08\/antonio-lauro-crepuscular.jpg 1280w\" sizes=\"auto, (max-width: 370px) 100vw, 370px\" alt=\"Antonio Lauro: Crepuscular\"\/><div class=\"link-overlay fa fa-play \"><\/div><\/a>\n\t\t\t\t  <\/div><\/div>\n\t\t\t\t  <div class=\"item-head\">\n\t\t\t\t\t  <h3><a href=\"https:\/\/gtvw.net\/es\/antonio-lauro-crepuscular\/\">Antonio Lauro: Crepuscular<\/a><\/h3>\n\t\t\t\t\t  <div class=\"item-info\"><span  class=\"item-author\"><a href=\"https:\/\/gtvw.net\/es\/author\/guitar-tv-world\/\" title=\"Guitar TV World\">Guitar TV World<\/a><\/span><span class=\"item-date\">agosto 9, 2017<\/span><div class=\"item-meta no-bg\"><\/div>\n\t\t\t\t\t  <\/div>\t  \n\t\t\t\t  <\/div>\n\t\t\t\t  <div class=\"item-content\"><\/div>\n\t\t\t\t  <\/div> <\/div><\/div><\/div><\/div><\/div><div class=\"clear\"><\/div>[\/vc_column][\/vc_row][vc_row][vc_column][vc_column_text]<\/p>\n<h1><span style=\"color: #333399;\">Testimonials<\/span><\/h1>\n<p>[\/vc_column_text][\/vc_column][\/vc_row][vc_row][vc_column][vc_video link=\u00bb\u00bb][\/vc_column][\/vc_row][vc_row][vc_column width=\u00bb1\/2&#8243;][vc_video link=\u00bbhttps:\/\/www.youtube.com\/watch?v=ht2U7pwnClM\u00bb title=\u00bbRoberto Aussel\u00bb][\/vc_column][vc_column width=\u00bb1\/2&#8243;][vc_video link=\u00bbhttps:\/\/www.youtube.com\/watch?v=TnliJnIJQ0E&#038;t=2s\u00bb title=\u00bbClara Rodr\u00edguez, pianist\u00bb][\/vc_column][\/vc_row][vc_row][vc_column width=\u00bb1\/2&#8243;][vc_video link=\u00bbhttps:\/\/www.youtube.com\/watch?v=tygjdxZmNXo&#038;t=9s\u00bb title=\u00bbSenio D\u00edaz\u00bb][\/vc_column][vc_column width=\u00bb1\/2&#8243;][vc_video link=\u00bbhttps:\/\/www.youtube.com\/watch?v=PPmmCOOm9hI&#038;t=1s\u00bb title=\u00bbIrina Kircher\u00bb][\/vc_column][\/vc_row][vc_row][vc_column width=\u00bb1\/2&#8243;][vc_video link=\u00bbhttps:\/\/www.youtube.com\/watch?v=pewnGP9cYcA\u00bb title=\u00bbAlfonso Montes\u00bb][\/vc_column][vc_column width=\u00bb1\/2&#8243;][vc_video link=\u00bbhttps:\/\/www.youtube.com\/watch?v=Tzvs-qOj880&#8243; title=\u00bbMicaela Pittaluga \u00ab][\/vc_column][\/vc_row]<\/p>\n<\/div>","protected":false},"excerpt":{"rendered":"<p>[vc_row][vc_column][vc_column_text] RASTROS INDELEBLES (Documental) \u201cRastros indelebles\u00bb es un proyecto audiovisual en formato documental enmarcado en el mundo de la guitarra cl\u00e1sica. Este documental propone contar la historia de la fruct\u00edfera relaci\u00f3n art\u00edstica entre dos figuras que dejaron una huella imborrable en el mundo de dicho instrumento: el compositor venezolano Antonio Lauro y el guitarrista\u00a0tambi\u00e9n venezolano Alirio D\u00edaz. El documental \u00abRastros Indelebles\u00bb se enfoca en el inmenso legado que los Maestros Antonio Lauro y Alirio D\u00edaz hicieron al repertorio de la guitarra cl\u00e1sica mediante la difusi\u00f3n de la m\u00fasica folkl\u00f3rica y tradicional venezolana, se evidenciar\u00e1 adem\u00e1s el impacto de estos dos artistas en la escena guitarr\u00edstica internacional actual, se abordar\u00e1n las [&hellip;]<\/p>\n","protected":false},"author":7,"featured_media":0,"parent":0,"menu_order":0,"comment_status":"closed","ping_status":"closed","template":"","meta":{"footnotes":""},"class_list":["post-3548","page","type-page","status-publish","hentry"],"yoast_head":"<!-- This site is optimized with the Yoast SEO plugin v26.7 - https:\/\/yoast.com\/wordpress\/plugins\/seo\/ -->\n<title>Documental - GTVW Music Television<\/title>\n<meta name=\"robots\" content=\"index, follow, max-snippet:-1, max-image-preview:large, max-video-preview:-1\" \/>\n<link rel=\"canonical\" href=\"https:\/\/gtvw.net\/es\/documental\/\" \/>\n<meta property=\"og:locale\" content=\"es_ES\" \/>\n<meta property=\"og:type\" content=\"article\" \/>\n<meta property=\"og:title\" content=\"Documental - GTVW Music Television\" \/>\n<meta property=\"og:description\" content=\"[vc_row][vc_column][vc_column_text] RASTROS INDELEBLES (Documental) \u201cRastros indelebles\u00bb es un proyecto audiovisual en formato documental enmarcado en el mundo de la guitarra cl\u00e1sica. Este documental propone contar la historia de la fruct\u00edfera relaci\u00f3n art\u00edstica entre dos figuras que dejaron una huella imborrable en el mundo de dicho instrumento: el compositor venezolano Antonio Lauro y el guitarrista\u00a0tambi\u00e9n venezolano Alirio D\u00edaz. El documental \u00abRastros Indelebles\u00bb se enfoca en el inmenso legado que los Maestros Antonio Lauro y Alirio D\u00edaz hicieron al repertorio de la guitarra cl\u00e1sica mediante la difusi\u00f3n de la m\u00fasica folkl\u00f3rica y tradicional venezolana, se evidenciar\u00e1 adem\u00e1s el impacto de estos dos artistas en la escena guitarr\u00edstica internacional actual, se abordar\u00e1n las [&hellip;]\" \/>\n<meta property=\"og:url\" content=\"https:\/\/gtvw.net\/es\/documental\/\" \/>\n<meta property=\"og:site_name\" content=\"GTVW Music Television\" \/>\n<meta property=\"article:modified_time\" content=\"2018-03-22T11:15:27+00:00\" \/>\n<meta name=\"twitter:card\" content=\"summary_large_image\" \/>\n<meta name=\"twitter:label1\" content=\"Tiempo de lectura\" \/>\n\t<meta name=\"twitter:data1\" content=\"2 minutos\" \/>\n<script type=\"application\/ld+json\" class=\"yoast-schema-graph\">{\"@context\":\"https:\/\/schema.org\",\"@graph\":[{\"@type\":\"WebPage\",\"@id\":\"https:\/\/gtvw.net\/es\/documental\/\",\"url\":\"https:\/\/gtvw.net\/es\/documental\/\",\"name\":\"Documental - GTVW Music Television\",\"isPartOf\":{\"@id\":\"https:\/\/gtvw.net\/#website\"},\"datePublished\":\"2017-08-09T16:05:29+00:00\",\"dateModified\":\"2018-03-22T11:15:27+00:00\",\"breadcrumb\":{\"@id\":\"https:\/\/gtvw.net\/es\/documental\/#breadcrumb\"},\"inLanguage\":\"es\",\"potentialAction\":[{\"@type\":\"ReadAction\",\"target\":[\"https:\/\/gtvw.net\/es\/documental\/\"]}]},{\"@type\":\"BreadcrumbList\",\"@id\":\"https:\/\/gtvw.net\/es\/documental\/#breadcrumb\",\"itemListElement\":[{\"@type\":\"ListItem\",\"position\":1,\"name\":\"Home\",\"item\":\"https:\/\/gtvw.net\/es\/\"},{\"@type\":\"ListItem\",\"position\":2,\"name\":\"Documental\"}]},{\"@type\":\"WebSite\",\"@id\":\"https:\/\/gtvw.net\/#website\",\"url\":\"https:\/\/gtvw.net\/\",\"name\":\"Guitar TV World\",\"description\":\"\",\"publisher\":{\"@id\":\"https:\/\/gtvw.net\/#organization\"},\"potentialAction\":[{\"@type\":\"SearchAction\",\"target\":{\"@type\":\"EntryPoint\",\"urlTemplate\":\"https:\/\/gtvw.net\/?s={search_term_string}\"},\"query-input\":{\"@type\":\"PropertyValueSpecification\",\"valueRequired\":true,\"valueName\":\"search_term_string\"}}],\"inLanguage\":\"es\"},{\"@type\":\"Organization\",\"@id\":\"https:\/\/gtvw.net\/#organization\",\"name\":\"Guitar TV World\",\"url\":\"https:\/\/gtvw.net\/\",\"logo\":{\"@type\":\"ImageObject\",\"inLanguage\":\"es\",\"@id\":\"https:\/\/gtvw.net\/#\/schema\/logo\/image\/\",\"url\":\"https:\/\/gtvw.net\/wp-content\/uploads\/2015\/08\/Horizont_Transp_clara.png\",\"contentUrl\":\"https:\/\/gtvw.net\/wp-content\/uploads\/2015\/08\/Horizont_Transp_clara.png\",\"width\":333,\"height\":67,\"caption\":\"Guitar TV World\"},\"image\":{\"@id\":\"https:\/\/gtvw.net\/#\/schema\/logo\/image\/\"}}]}<\/script>\n<!-- \/ Yoast SEO plugin. -->","yoast_head_json":{"title":"Documental - GTVW Music Television","robots":{"index":"index","follow":"follow","max-snippet":"max-snippet:-1","max-image-preview":"max-image-preview:large","max-video-preview":"max-video-preview:-1"},"canonical":"https:\/\/gtvw.net\/es\/documental\/","og_locale":"es_ES","og_type":"article","og_title":"Documental - GTVW Music Television","og_description":"[vc_row][vc_column][vc_column_text] RASTROS INDELEBLES (Documental) \u201cRastros indelebles\u00bb es un proyecto audiovisual en formato documental enmarcado en el mundo de la guitarra cl\u00e1sica. Este documental propone contar la historia de la fruct\u00edfera relaci\u00f3n art\u00edstica entre dos figuras que dejaron una huella imborrable en el mundo de dicho instrumento: el compositor venezolano Antonio Lauro y el guitarrista\u00a0tambi\u00e9n venezolano Alirio D\u00edaz. El documental \u00abRastros Indelebles\u00bb se enfoca en el inmenso legado que los Maestros Antonio Lauro y Alirio D\u00edaz hicieron al repertorio de la guitarra cl\u00e1sica mediante la difusi\u00f3n de la m\u00fasica folkl\u00f3rica y tradicional venezolana, se evidenciar\u00e1 adem\u00e1s el impacto de estos dos artistas en la escena guitarr\u00edstica internacional actual, se abordar\u00e1n las [&hellip;]","og_url":"https:\/\/gtvw.net\/es\/documental\/","og_site_name":"GTVW Music Television","article_modified_time":"2018-03-22T11:15:27+00:00","twitter_card":"summary_large_image","twitter_misc":{"Tiempo de lectura":"2 minutos"},"schema":{"@context":"https:\/\/schema.org","@graph":[{"@type":"WebPage","@id":"https:\/\/gtvw.net\/es\/documental\/","url":"https:\/\/gtvw.net\/es\/documental\/","name":"Documental - GTVW Music Television","isPartOf":{"@id":"https:\/\/gtvw.net\/#website"},"datePublished":"2017-08-09T16:05:29+00:00","dateModified":"2018-03-22T11:15:27+00:00","breadcrumb":{"@id":"https:\/\/gtvw.net\/es\/documental\/#breadcrumb"},"inLanguage":"es","potentialAction":[{"@type":"ReadAction","target":["https:\/\/gtvw.net\/es\/documental\/"]}]},{"@type":"BreadcrumbList","@id":"https:\/\/gtvw.net\/es\/documental\/#breadcrumb","itemListElement":[{"@type":"ListItem","position":1,"name":"Home","item":"https:\/\/gtvw.net\/es\/"},{"@type":"ListItem","position":2,"name":"Documental"}]},{"@type":"WebSite","@id":"https:\/\/gtvw.net\/#website","url":"https:\/\/gtvw.net\/","name":"Guitar TV World","description":"","publisher":{"@id":"https:\/\/gtvw.net\/#organization"},"potentialAction":[{"@type":"SearchAction","target":{"@type":"EntryPoint","urlTemplate":"https:\/\/gtvw.net\/?s={search_term_string}"},"query-input":{"@type":"PropertyValueSpecification","valueRequired":true,"valueName":"search_term_string"}}],"inLanguage":"es"},{"@type":"Organization","@id":"https:\/\/gtvw.net\/#organization","name":"Guitar TV World","url":"https:\/\/gtvw.net\/","logo":{"@type":"ImageObject","inLanguage":"es","@id":"https:\/\/gtvw.net\/#\/schema\/logo\/image\/","url":"https:\/\/gtvw.net\/wp-content\/uploads\/2015\/08\/Horizont_Transp_clara.png","contentUrl":"https:\/\/gtvw.net\/wp-content\/uploads\/2015\/08\/Horizont_Transp_clara.png","width":333,"height":67,"caption":"Guitar TV World"},"image":{"@id":"https:\/\/gtvw.net\/#\/schema\/logo\/image\/"}}]}},"_links":{"self":[{"href":"https:\/\/gtvw.net\/es\/wp-json\/wp\/v2\/pages\/3548","targetHints":{"allow":["GET"]}}],"collection":[{"href":"https:\/\/gtvw.net\/es\/wp-json\/wp\/v2\/pages"}],"about":[{"href":"https:\/\/gtvw.net\/es\/wp-json\/wp\/v2\/types\/page"}],"author":[{"embeddable":true,"href":"https:\/\/gtvw.net\/es\/wp-json\/wp\/v2\/users\/7"}],"replies":[{"embeddable":true,"href":"https:\/\/gtvw.net\/es\/wp-json\/wp\/v2\/comments?post=3548"}],"version-history":[{"count":6,"href":"https:\/\/gtvw.net\/es\/wp-json\/wp\/v2\/pages\/3548\/revisions"}],"predecessor-version":[{"id":3732,"href":"https:\/\/gtvw.net\/es\/wp-json\/wp\/v2\/pages\/3548\/revisions\/3732"}],"wp:attachment":[{"href":"https:\/\/gtvw.net\/es\/wp-json\/wp\/v2\/media?parent=3548"}],"curies":[{"name":"wp","href":"https:\/\/api.w.org\/{rel}","templated":true}]}}